{"id":31,"date":"2024-11-06T18:24:12","date_gmt":"2024-11-06T23:24:12","guid":{"rendered":"https:\/\/lajangadamazonas.com\/?page_id=31"},"modified":"2024-12-20T12:59:22","modified_gmt":"2024-12-20T17:59:22","slug":"selva-y-comunidad-tikuna-san-pedro-de-los-lagos","status":"publish","type":"page","link":"https:\/\/www.lajangadamazonas.com\/spanish\/selva-y-comunidad-tikuna-san-pedro-de-los-lagos\/","title":{"rendered":"Selva y comunidad Tikuna &#8211; San Pedro de los Lagos"},"content":{"rendered":"<div class=\"wpb-content-wrapper\"><p>[vc_row full_width=&#8221;stretch_row_content_no_spaces&#8221; css_animation=&#8221;zoomIn&#8221; css=&#8221;.vc_custom_1730986240341{padding-top: 6% !important;padding-right: 8% !important;padding-bottom: 3% !important;padding-left: 8% !important;}&#8221; conditional_render=&#8221;%5B%7B%22value_role%22%3A%22administrator%22%7D%5D&#8221; el_class=&#8221;seo-block-home text-center color-white&#8221;][vc_column][vc_row_inner][vc_column_inner][vc_column_text]<\/p>\n<p class=\"titulo\" style=\"color: #ffffff; font-size: 25pt; font-weight: 800; line-height: 1.2; text-align: center;\">SELVA Y COMUNIDAD TIKUNA &#8211; SAN PEDRO DE LOS LAGOS<\/p>\n<p class=\"sub\" style=\"text-align: center; color: #ffffff; font-size: 18pt;\">La experiencia m\u00e1s completa del amazonas<\/p>\n<p>[\/vc_column_text][\/vc_column_inner][\/vc_row_inner][\/vc_column][\/vc_row][vc_row content_placement=&#8221;middle&#8221; conditional_render=&#8221;%5B%7B%22value_role%22%3A%22administrator%22%7D%5D&#8221; css=&#8221;.vc_custom_1730943468620{margin-top: 6% !important;}&#8221;][vc_column width=&#8221;2\/3&#8243;][vc_column_text]<\/p>\n<p style=\"font-size: 15pt; text-align: justify;\"><strong>Descripci\u00f3n del tour<\/strong><\/p>\n<p>[\/vc_column_text][vc_column_text css_animation=&#8221;zoomIn&#8221;]<\/p>\n<p style=\"font-size: 12pt; text-align: justify;\">Esta traves\u00eda es ideal para aquellos viajeros con poco tiempo o aquellos que visitan por primera vez al Amazonas: selva. bosque inundable. r\u00edo y cultura todo en uno! Tiene un bajo nivel de exigencia f\u00edsica, pero es bastante completa.<\/p>\n<p style=\"font-size: 12pt; text-align: justify;\">Comenzado con una caminata por una selva secundaria, podr\u00e1s apreciar el proceso de regeneraci\u00f3n de la naturaleza hasta llegar a la selva primaria, donde construir\u00e1s el campamento y aprender\u00e1s los saberes tradicionales que te dan confort en un ambiente agreste. El safari nocturno no te decepcionar\u00e1 y el amanecer entre \u00e1rboles te dar\u00e1 la energ\u00eda necesaria para continuar la traves\u00eda hasta la comunidad de San Pedro de los lagos, el hogar de la familia de tu gu\u00eda, y donde podr\u00e1s darte un merecido ba\u00f1o en la quebrada Yahuarcaca. Al d\u00eda siguiente, descubrir\u00e1s la chagra o agricultura tradicional Ticuna, en la cual comprender\u00e1s el proceso de elaboraci\u00f3n de la fari\u00f1a, donde se transforma una planta venenosa en crujiente complemento alimenticio.<\/p>\n<p style=\"font-size: 12pt; text-align: justify;\">En \u00e9poca de aguas altas tendr\u00e1s la posibilidad de observar delfines de r\u00edo, aves y contemplar el atardecer en los lagos de Yahuarcaca, la fuente h\u00eddrica que surte de agua a la ciudad de Leticia.<\/p>\n<p>[\/vc_column_text][vc_column_text css_animation=&#8221;zoomIn&#8221;]<\/p>\n<p style=\"text-align: left;\"><a style=\"text-decoration: none;\" href=\"https:\/\/api.whatsapp.com\/send\/?phone=573124510758&amp;text=Hola%21+Quiero+m%C3%A1s+informaci%C3%B3n+del+tour+SELVA+Y+COMUNIDAD+TIKUNA+\u2013+SAN+PEDRO+DE+LOS+LAGOS&amp;type=phone_number&amp;app_absent=0\" target=\"_blank\" rel=\"noopener\"><span class=\"ver\">Reservar Tours<\/span><\/a><\/p>\n<p>[\/vc_column_text][\/vc_column][vc_column width=&#8221;1\/3&#8243;][vc_single_image image=&#8221;201&#8243; img_size=&#8221;full&#8221; animation_type=&#8221;zoomIn&#8221;][\/vc_column][\/vc_row][vc_row conditional_render=&#8221;%5B%7B%22value_role%22%3A%22administrator%22%7D%5D&#8221; css=&#8221;.vc_custom_1730982738786{margin-top: 3% !important;margin-bottom: 3% !important;}&#8221;][vc_column width=&#8221;1\/2&#8243; css=&#8221;.vc_custom_1730982491386{margin-right: 1% !important;padding-top: 4% !important;padding-right: 2% !important;padding-bottom: 2% !important;padding-left: 2% !important;background-color: rgba(251,192,57,0.2) !important;*background-color: rgb(251,192,57) !important;border-radius: 10px !important;}&#8221; conditional_render=&#8221;%5B%7B%22value_role%22%3A%22administrator%22%7D%5D&#8221;][vc_column_text css_animation=&#8221;zoomIn&#8221;]<\/p>\n<p style=\"font-size: 14pt; text-align: justify;\"><strong>Actividades<\/strong> (*sujetas al clima)<\/p>\n<p>[\/vc_column_text][vc_row_inner][vc_column_inner width=&#8221;1\/2&#8243;]<div class=\"porto-sicon-box  wpb_custom_1543d1bda5a3ba5dc903bfde08372dc2 style_1 default-icon\" data-appear-animation=\"zoomIn\"><div class=\"porto-sicon-default\"><div class=\"porto-just-icon-wrapper porto-icon none\" style=\"font-size:20px;\"><i class=\"far fa-arrow-alt-circle-right\"><\/i><\/div><\/div><div class=\"porto-sicon-header\"><h3 class=\"porto-sicon-title\" style=\"\">Caminata en selva<\/h3><\/div> <!-- header --><\/div><!-- porto-sicon-box --><div class=\"porto-sicon-box  wpb_custom_1543d1bda5a3ba5dc903bfde08372dc2 style_1 default-icon\" data-appear-animation=\"zoomIn\"><div class=\"porto-sicon-default\"><div class=\"porto-just-icon-wrapper porto-icon none\" style=\"font-size:20px;\"><i class=\"far fa-arrow-alt-circle-right\"><\/i><\/div><\/div><div class=\"porto-sicon-header\"><h3 class=\"porto-sicon-title\" style=\"\">Reconocimiento de flora y fauna<\/h3><\/div> <!-- header --><\/div><!-- porto-sicon-box --><div class=\"porto-sicon-box  wpb_custom_1543d1bda5a3ba5dc903bfde08372dc2 style_1 default-icon\" data-appear-animation=\"zoomIn\"><div class=\"porto-sicon-default\"><div class=\"porto-just-icon-wrapper porto-icon none\" style=\"font-size:20px;\"><i class=\"far fa-arrow-alt-circle-right\"><\/i><\/div><\/div><div class=\"porto-sicon-header\"><h3 class=\"porto-sicon-title\" style=\"\">Caminata nocturna<\/h3><\/div> <!-- header --><\/div><!-- porto-sicon-box --><div class=\"porto-sicon-box  wpb_custom_1543d1bda5a3ba5dc903bfde08372dc2 style_1 default-icon\" data-appear-animation=\"zoomIn\"><div class=\"porto-sicon-default\"><div class=\"porto-just-icon-wrapper porto-icon none\" style=\"font-size:20px;\"><i class=\"far fa-arrow-alt-circle-right\"><\/i><\/div><\/div><div class=\"porto-sicon-header\"><h3 class=\"porto-sicon-title\" style=\"\">Campamento, cena y noche en selva<\/h3><\/div> <!-- header --><\/div><!-- porto-sicon-box --><div class=\"porto-sicon-box  wpb_custom_1543d1bda5a3ba5dc903bfde08372dc2 style_1 default-icon\" data-appear-animation=\"zoomIn\"><div class=\"porto-sicon-default\"><div class=\"porto-just-icon-wrapper porto-icon none\" style=\"font-size:20px;\"><i class=\"far fa-arrow-alt-circle-right\"><\/i><\/div><\/div><div class=\"porto-sicon-header\"><h3 class=\"porto-sicon-title\" style=\"\">Integraci\u00f3n a la vida en comunidad<\/h3><\/div> <!-- header --><\/div><!-- porto-sicon-box --><div class=\"porto-sicon-box  wpb_custom_1543d1bda5a3ba5dc903bfde08372dc2 style_1 default-icon\" data-appear-animation=\"zoomIn\"><div class=\"porto-sicon-default\"><div class=\"porto-just-icon-wrapper porto-icon none\" style=\"font-size:20px;\"><i class=\"far fa-arrow-alt-circle-right\"><\/i><\/div><\/div><div class=\"porto-sicon-header\"><h3 class=\"porto-sicon-title\" style=\"\">Charlas sobre la etnia Ticuna<\/h3><\/div> <!-- header --><\/div><!-- porto-sicon-box --><div class=\"porto-sicon-box  wpb_custom_1543d1bda5a3ba5dc903bfde08372dc2 style_1 default-icon\" data-appear-animation=\"zoomIn\"><div class=\"porto-sicon-default\"><div class=\"porto-just-icon-wrapper porto-icon none\" style=\"font-size:20px;\"><i class=\"far fa-arrow-alt-circle-right\"><\/i><\/div><\/div><div class=\"porto-sicon-header\"><h3 class=\"porto-sicon-title\" style=\"\">Visita a la chagra<\/h3><\/div> <!-- header --><\/div><!-- porto-sicon-box --><div class=\"porto-sicon-box  wpb_custom_1543d1bda5a3ba5dc903bfde08372dc2 style_1 default-icon\" data-appear-animation=\"zoomIn\"><div class=\"porto-sicon-default\"><div class=\"porto-just-icon-wrapper porto-icon none\" style=\"font-size:20px;\"><i class=\"far fa-arrow-alt-circle-right\"><\/i><\/div><\/div><div class=\"porto-sicon-header\"><h3 class=\"porto-sicon-title\" style=\"\">Presentaci\u00f3n de la casa fari\u00f1era<\/h3><\/div> <!-- header --><\/div><!-- porto-sicon-box -->[\/vc_column_inner][vc_column_inner width=&#8221;1\/2&#8243;]<div class=\"porto-sicon-box  wpb_custom_1543d1bda5a3ba5dc903bfde08372dc2 style_1 default-icon\" data-appear-animation=\"zoomIn\"><div class=\"porto-sicon-default\"><div class=\"porto-just-icon-wrapper porto-icon none\" style=\"font-size:20px;\"><i class=\"far fa-arrow-alt-circle-right\"><\/i><\/div><\/div><div class=\"porto-sicon-header\"><h3 class=\"porto-sicon-title\" style=\"\">Pesca artesanal<\/h3><\/div> <!-- header --><\/div><!-- porto-sicon-box --><div class=\"porto-sicon-box  wpb_custom_1543d1bda5a3ba5dc903bfde08372dc2 style_1 default-icon\" data-appear-animation=\"zoomIn\"><div class=\"porto-sicon-default\"><div class=\"porto-just-icon-wrapper porto-icon none\" style=\"font-size:20px;\"><i class=\"far fa-arrow-alt-circle-right\"><\/i><\/div><\/div><div class=\"porto-sicon-header\"><h3 class=\"porto-sicon-title\" style=\"\">Remo en bote por la quebrada<\/h3><\/div> <!-- header --><\/div><!-- porto-sicon-box --><div class=\"porto-sicon-box  wpb_custom_1543d1bda5a3ba5dc903bfde08372dc2 style_1 default-icon\" data-appear-animation=\"zoomIn\"><div class=\"porto-sicon-default\"><div class=\"porto-just-icon-wrapper porto-icon none\" style=\"font-size:20px;\"><i class=\"far fa-arrow-alt-circle-right\"><\/i><\/div><\/div><div class=\"porto-sicon-header\"><h3 class=\"porto-sicon-title\" style=\"\">Safari nocturno en bote<\/h3><\/div> <!-- header --><\/div><!-- porto-sicon-box --><div class=\"porto-sicon-box  wpb_custom_1543d1bda5a3ba5dc903bfde08372dc2 style_1 default-icon\" data-appear-animation=\"zoomIn\"><div class=\"porto-sicon-default\"><div class=\"porto-just-icon-wrapper porto-icon none\" style=\"font-size:20px;\"><i class=\"far fa-arrow-alt-circle-right\"><\/i><\/div><\/div><div class=\"porto-sicon-header\"><h3 class=\"porto-sicon-title\" style=\"\">Comidas con una familia Ticuna<\/h3><\/div> <!-- header --><\/div><!-- porto-sicon-box --><div class=\"porto-sicon-box  wpb_custom_1543d1bda5a3ba5dc903bfde08372dc2 style_1 default-icon\" data-appear-animation=\"zoomIn\"><div class=\"porto-sicon-default\"><div class=\"porto-just-icon-wrapper porto-icon none\" style=\"font-size:20px;\"><i class=\"far fa-arrow-alt-circle-right\"><\/i><\/div><\/div><div class=\"porto-sicon-header\"><h3 class=\"porto-sicon-title\" style=\"\">Ba\u00f1o en la quebrada<\/h3><\/div> <!-- header --><\/div><!-- porto-sicon-box --><div class=\"porto-sicon-box  wpb_custom_1543d1bda5a3ba5dc903bfde08372dc2 style_1 default-icon\" data-appear-animation=\"zoomIn\"><div class=\"porto-sicon-default\"><div class=\"porto-just-icon-wrapper porto-icon none\" style=\"font-size:20px;\"><i class=\"far fa-arrow-alt-circle-right\"><\/i><\/div><\/div><div class=\"porto-sicon-header\"><h3 class=\"porto-sicon-title\" style=\"\">Paseo en bote por los lagos<\/h3><\/div> <!-- header --><\/div><!-- porto-sicon-box --><div class=\"porto-sicon-box  wpb_custom_1543d1bda5a3ba5dc903bfde08372dc2 style_1 default-icon\" data-appear-animation=\"zoomIn\"><div class=\"porto-sicon-default\"><div class=\"porto-just-icon-wrapper porto-icon none\" style=\"font-size:20px;\"><i class=\"far fa-arrow-alt-circle-right\"><\/i><\/div><\/div><div class=\"porto-sicon-header\"><h3 class=\"porto-sicon-title\" style=\"\">Avistamiento de delfines y aves<\/h3><\/div> <!-- header --><\/div><!-- porto-sicon-box --><div class=\"porto-sicon-box  wpb_custom_1543d1bda5a3ba5dc903bfde08372dc2 style_1 default-icon\" data-appear-animation=\"zoomIn\"><div class=\"porto-sicon-default\"><div class=\"porto-just-icon-wrapper porto-icon none\" style=\"font-size:20px;\"><i class=\"far fa-arrow-alt-circle-right\"><\/i><\/div><\/div><div class=\"porto-sicon-header\"><h3 class=\"porto-sicon-title\" style=\"\">Atardecer en los lagos<\/h3><\/div> <!-- header --><\/div><!-- porto-sicon-box -->[\/vc_column_inner][\/vc_row_inner][\/vc_column][vc_column width=&#8221;1\/2&#8243; css=&#8221;.vc_custom_1730980658730{margin-right: 1% !important;padding-top: 4% !important;padding-right: 2% !important;padding-left: 2% !important;background-color: rgba(5,148,88,0.15) !important;*background-color: rgb(5,148,88) !important;border-radius: 10px !important;}&#8221; conditional_render=&#8221;%5B%7B%22value_role%22%3A%22administrator%22%7D%5D&#8221;][vc_column_text css_animation=&#8221;zoomIn&#8221;]<\/p>\n<p style=\"font-size: 14pt; text-align: justify;\"><strong>Precios por persona<\/strong><\/p>\n<p>[\/vc_column_text][vc_column_text css_animation=&#8221;zoomIn&#8221;]<\/p>\n<table class=\"table\">\n<thead>\n<tr>\n<th style=\"text-align: center;\" scope=\"col\">N\u00b0 de personas<\/th>\n<th style=\"text-align: center;\" scope=\"col\">2 d\u00edas &#8211; 1 noche<\/th>\n<th style=\"text-align: center;\" scope=\"col\">3 dias &#8211; 2 noche<\/th>\n<th style=\"text-align: center;\" scope=\"col\">4 dias &#8211; 3 noche<\/th>\n<\/tr>\n<\/thead>\n<tbody>\n<tr>\n<th style=\"text-align: center;\" scope=\"row\">1<\/th>\n<td style=\"text-align: center;\">795.000 COP<\/td>\n<td style=\"text-align: center;\">1.095.000 COP<\/td>\n<td style=\"text-align: center;\">1.400.000 COP<\/td>\n<\/tr>\n<tr>\n<th style=\"text-align: center;\" scope=\"row\">2<\/th>\n<td style=\"text-align: center;\">730.000 COP<\/td>\n<td style=\"text-align: center;\">1.000.000 COP<\/td>\n<td style=\"text-align: center;\">1.300.000 COP<\/td>\n<\/tr>\n<tr>\n<th style=\"text-align: center;\" scope=\"row\">3<\/th>\n<td style=\"text-align: center;\">650.000 COP<\/td>\n<td style=\"text-align: center;\">950.000 COP<\/td>\n<td style=\"text-align: center;\">1.200.000 COP<\/td>\n<\/tr>\n<tr>\n<th style=\"text-align: center;\" scope=\"row\">4<\/th>\n<td style=\"text-align: center;\">600.000 COP<\/td>\n<td style=\"text-align: center;\">900.000 COP<\/td>\n<td style=\"text-align: center;\">1.100.000 COP<\/td>\n<\/tr>\n<tr>\n<th style=\"text-align: center;\" scope=\"row\">5<\/th>\n<td style=\"text-align: center;\">550.000 COP<\/td>\n<td style=\"text-align: center;\">800.000 COP<\/td>\n<td style=\"text-align: center;\">1.000.000 COP<\/td>\n<\/tr>\n<\/tbody>\n<\/table>\n<p>[\/vc_column_text][vc_row_inner][vc_column_inner][vc_column_text css_animation=&#8221;zoomIn&#8221;]<\/p>\n<p style=\"font-size: 14pt; text-align: left;\"><strong>Resumen del tour<\/strong><\/p>\n<p style=\"text-align: center;\"><img decoding=\"async\" class=\"alignnone size-medium wp-image-147\" src=\"https:\/\/www.lajangadamazonas.com\/spanish\/wp-content\/uploads\/2024\/11\/tikuna-1.png\" alt=\"\" width=\"60%\" height=\"NaN\" \/><\/p>\n<p>[\/vc_column_text][\/vc_column_inner][\/vc_row_inner][\/vc_column][\/vc_row]<\/p>\n<\/div>","protected":false},"excerpt":{"rendered":"<p>[vc_row full_width=&#8221;stretch_row_content_no_spaces&#8221; css_animation=&#8221;zoomIn&#8221; css=&#8221;.vc_custom_1730986240341{padding-top: 6% !important;padding-right: 8% !important;padding-bottom: 3% !important;padding-left: 8% !important;}&#8221; conditional_render=&#8221;%5B%7B%22value_role%22%3A%22administrator%22%7D%5D&#8221; el_class=&#8221;seo-block-home text-center color-white&#8221;][vc_column][vc_row_inner][vc_column_inner][vc_column_text] SELVA Y COMUNIDAD TIKUNA &#8211; SAN PEDRO DE LOS LAGOS La experiencia m\u00e1s completa del amazonas [\/vc_column_text][\/vc_column_inner][\/vc_row_inner][\/vc_column][\/vc_row][vc_row content_placement=&#8221;middle&#8221; conditional_render=&#8221;%5B%7B%22value_role%22%3A%22administrator%22%7D%5D&#8221; css=&#8221;.vc_custom_1730943468620{margin-top: 6% !important;}&#8221;][vc_column width=&#8221;2\/3&#8243;][vc_column_text] Descripci\u00f3n del tour [\/vc_column_text][vc_column_text css_animation=&#8221;zoomIn&#8221;] Esta traves\u00eda es ideal para aquellos viajeros con poco tiempo o [&hellip;]<\/p>\n","protected":false},"author":1,"featured_media":0,"parent":0,"menu_order":0,"comment_status":"closed","ping_status":"closed","template":"","meta":{"_joinchat":[],"footnotes":""},"class_list":["post-31","page","type-page","status-publish","hentry"],"yoast_head":"<!-- This site is optimized with the Yoast SEO plugin v27.1.1 - https:\/\/yoast.com\/product\/yoast-seo-wordpress\/ -->\n<title>Selva y comunidad Tikuna - San Pedro de los Lagos - La Jangadamazonas<\/title>\n<meta name=\"robots\" content=\"index, follow, max-snippet:-1, max-image-preview:large, max-video-preview:-1\" \/>\n<link rel=\"canonical\" href=\"https:\/\/www.lajangadamazonas.com\/spanish\/selva-y-comunidad-tikuna-san-pedro-de-los-lagos\/\" \/>\n<meta property=\"og:locale\" content=\"es_ES\" \/>\n<meta property=\"og:type\" content=\"article\" \/>\n<meta property=\"og:title\" content=\"Selva y comunidad Tikuna - San Pedro de los Lagos - La Jangadamazonas\" \/>\n<meta property=\"og:description\" content=\"[vc_row full_width=&#8221;stretch_row_content_no_spaces&#8221; css_animation=&#8221;zoomIn&#8221; css=&#8221;.vc_custom_1730986240341{padding-top: 6% !important;padding-right: 8% !important;padding-bottom: 3% !important;padding-left: 8% !important;}&#8221; conditional_render=&#8221;%5B%7B%22value_role%22%3A%22administrator%22%7D%5D&#8221; el_class=&#8221;seo-block-home text-center color-white&#8221;][vc_column][vc_row_inner][vc_column_inner][vc_column_text] SELVA Y COMUNIDAD TIKUNA &#8211; SAN PEDRO DE LOS LAGOS La experiencia m\u00e1s completa del amazonas [\/vc_column_text][\/vc_column_inner][\/vc_row_inner][\/vc_column][\/vc_row][vc_row content_placement=&#8221;middle&#8221; conditional_render=&#8221;%5B%7B%22value_role%22%3A%22administrator%22%7D%5D&#8221; css=&#8221;.vc_custom_1730943468620{margin-top: 6% !important;}&#8221;][vc_column width=&#8221;2\/3&#8243;][vc_column_text] Descripci\u00f3n del tour [\/vc_column_text][vc_column_text css_animation=&#8221;zoomIn&#8221;] Esta traves\u00eda es ideal para aquellos viajeros con poco tiempo o [&hellip;]\" \/>\n<meta property=\"og:url\" content=\"https:\/\/www.lajangadamazonas.com\/spanish\/selva-y-comunidad-tikuna-san-pedro-de-los-lagos\/\" \/>\n<meta property=\"og:site_name\" content=\"La Jangadamazonas\" \/>\n<meta property=\"article:publisher\" content=\"https:\/\/www.facebook.com\/LaJangada\/?profile_tab_item_selected=about&amp;_rdr\" \/>\n<meta property=\"article:modified_time\" content=\"2024-12-20T17:59:22+00:00\" \/>\n<meta property=\"og:image\" content=\"https:\/\/www.lajangadamazonas.com\/spanish\/wp-content\/uploads\/2024\/11\/tikuna-1.png\" \/>\n<meta name=\"twitter:card\" content=\"summary_large_image\" \/>\n<meta name=\"twitter:label1\" content=\"Tiempo de lectura\" \/>\n\t<meta name=\"twitter:data1\" content=\"3 minutos\" \/>\n<script type=\"application\/ld+json\" class=\"yoast-schema-graph\">{\"@context\":\"https:\/\/schema.org\",\"@graph\":[{\"@type\":\"WebPage\",\"@id\":\"https:\/\/www.lajangadamazonas.com\/spanish\/selva-y-comunidad-tikuna-san-pedro-de-los-lagos\/\",\"url\":\"https:\/\/www.lajangadamazonas.com\/spanish\/selva-y-comunidad-tikuna-san-pedro-de-los-lagos\/\",\"name\":\"Selva y comunidad Tikuna - San Pedro de los Lagos - La Jangadamazonas\",\"isPartOf\":{\"@id\":\"https:\/\/www.lajangadamazonas.com\/spanish\/#website\"},\"primaryImageOfPage\":{\"@id\":\"https:\/\/www.lajangadamazonas.com\/spanish\/selva-y-comunidad-tikuna-san-pedro-de-los-lagos\/#primaryimage\"},\"image\":{\"@id\":\"https:\/\/www.lajangadamazonas.com\/spanish\/selva-y-comunidad-tikuna-san-pedro-de-los-lagos\/#primaryimage\"},\"thumbnailUrl\":\"https:\/\/www.lajangadamazonas.com\/spanish\/wp-content\/uploads\/2024\/11\/tikuna-1.png\",\"datePublished\":\"2024-11-06T23:24:12+00:00\",\"dateModified\":\"2024-12-20T17:59:22+00:00\",\"breadcrumb\":{\"@id\":\"https:\/\/www.lajangadamazonas.com\/spanish\/selva-y-comunidad-tikuna-san-pedro-de-los-lagos\/#breadcrumb\"},\"inLanguage\":\"es-CO\",\"potentialAction\":[{\"@type\":\"ReadAction\",\"target\":[\"https:\/\/www.lajangadamazonas.com\/spanish\/selva-y-comunidad-tikuna-san-pedro-de-los-lagos\/\"]}]},{\"@type\":\"ImageObject\",\"inLanguage\":\"es-CO\",\"@id\":\"https:\/\/www.lajangadamazonas.com\/spanish\/selva-y-comunidad-tikuna-san-pedro-de-los-lagos\/#primaryimage\",\"url\":\"https:\/\/www.lajangadamazonas.com\/spanish\/wp-content\/uploads\/2024\/11\/lagos.png\",\"contentUrl\":\"https:\/\/www.lajangadamazonas.com\/spanish\/wp-content\/uploads\/2024\/11\/lagos.png\",\"width\":341,\"height\":315},{\"@type\":\"BreadcrumbList\",\"@id\":\"https:\/\/www.lajangadamazonas.com\/spanish\/selva-y-comunidad-tikuna-san-pedro-de-los-lagos\/#breadcrumb\",\"itemListElement\":[{\"@type\":\"ListItem\",\"position\":1,\"name\":\"Inicio\",\"item\":\"https:\/\/www.lajangadamazonas.com\/spanish\/\"},{\"@type\":\"ListItem\",\"position\":2,\"name\":\"Selva y comunidad Tikuna &#8211; San Pedro de los Lagos\"}]},{\"@type\":\"WebSite\",\"@id\":\"https:\/\/www.lajangadamazonas.com\/spanish\/#website\",\"url\":\"https:\/\/www.lajangadamazonas.com\/spanish\/\",\"name\":\"La Jangadamazonas\",\"description\":\"Planes tur\u00edsticos en el Amazonas\",\"potentialAction\":[{\"@type\":\"SearchAction\",\"target\":{\"@type\":\"EntryPoint\",\"urlTemplate\":\"https:\/\/www.lajangadamazonas.com\/spanish\/?s={search_term_string}\"},\"query-input\":{\"@type\":\"PropertyValueSpecification\",\"valueRequired\":true,\"valueName\":\"search_term_string\"}}],\"inLanguage\":\"es-CO\"}]}<\/script>\n<!-- \/ Yoast SEO plugin. -->","yoast_head_json":{"title":"Selva y comunidad Tikuna - San Pedro de los Lagos - La Jangadamazonas","robots":{"index":"index","follow":"follow","max-snippet":"max-snippet:-1","max-image-preview":"max-image-preview:large","max-video-preview":"max-video-preview:-1"},"canonical":"https:\/\/www.lajangadamazonas.com\/spanish\/selva-y-comunidad-tikuna-san-pedro-de-los-lagos\/","og_locale":"es_ES","og_type":"article","og_title":"Selva y comunidad Tikuna - San Pedro de los Lagos - La Jangadamazonas","og_description":"[vc_row full_width=&#8221;stretch_row_content_no_spaces&#8221; css_animation=&#8221;zoomIn&#8221; css=&#8221;.vc_custom_1730986240341{padding-top: 6% !important;padding-right: 8% !important;padding-bottom: 3% !important;padding-left: 8% !important;}&#8221; conditional_render=&#8221;%5B%7B%22value_role%22%3A%22administrator%22%7D%5D&#8221; el_class=&#8221;seo-block-home text-center color-white&#8221;][vc_column][vc_row_inner][vc_column_inner][vc_column_text] SELVA Y COMUNIDAD TIKUNA &#8211; SAN PEDRO DE LOS LAGOS La experiencia m\u00e1s completa del amazonas [\/vc_column_text][\/vc_column_inner][\/vc_row_inner][\/vc_column][\/vc_row][vc_row content_placement=&#8221;middle&#8221; conditional_render=&#8221;%5B%7B%22value_role%22%3A%22administrator%22%7D%5D&#8221; css=&#8221;.vc_custom_1730943468620{margin-top: 6% !important;}&#8221;][vc_column width=&#8221;2\/3&#8243;][vc_column_text] Descripci\u00f3n del tour [\/vc_column_text][vc_column_text css_animation=&#8221;zoomIn&#8221;] Esta traves\u00eda es ideal para aquellos viajeros con poco tiempo o [&hellip;]","og_url":"https:\/\/www.lajangadamazonas.com\/spanish\/selva-y-comunidad-tikuna-san-pedro-de-los-lagos\/","og_site_name":"La Jangadamazonas","article_publisher":"https:\/\/www.facebook.com\/LaJangada\/?profile_tab_item_selected=about&_rdr","article_modified_time":"2024-12-20T17:59:22+00:00","og_image":[{"url":"https:\/\/www.lajangadamazonas.com\/spanish\/wp-content\/uploads\/2024\/11\/tikuna-1.png","type":"","width":"","height":""}],"twitter_card":"summary_large_image","twitter_misc":{"Tiempo de lectura":"3 minutos"},"schema":{"@context":"https:\/\/schema.org","@graph":[{"@type":"WebPage","@id":"https:\/\/www.lajangadamazonas.com\/spanish\/selva-y-comunidad-tikuna-san-pedro-de-los-lagos\/","url":"https:\/\/www.lajangadamazonas.com\/spanish\/selva-y-comunidad-tikuna-san-pedro-de-los-lagos\/","name":"Selva y comunidad Tikuna - San Pedro de los Lagos - La Jangadamazonas","isPartOf":{"@id":"https:\/\/www.lajangadamazonas.com\/spanish\/#website"},"primaryImageOfPage":{"@id":"https:\/\/www.lajangadamazonas.com\/spanish\/selva-y-comunidad-tikuna-san-pedro-de-los-lagos\/#primaryimage"},"image":{"@id":"https:\/\/www.lajangadamazonas.com\/spanish\/selva-y-comunidad-tikuna-san-pedro-de-los-lagos\/#primaryimage"},"thumbnailUrl":"https:\/\/www.lajangadamazonas.com\/spanish\/wp-content\/uploads\/2024\/11\/tikuna-1.png","datePublished":"2024-11-06T23:24:12+00:00","dateModified":"2024-12-20T17:59:22+00:00","breadcrumb":{"@id":"https:\/\/www.lajangadamazonas.com\/spanish\/selva-y-comunidad-tikuna-san-pedro-de-los-lagos\/#breadcrumb"},"inLanguage":"es-CO","potentialAction":[{"@type":"ReadAction","target":["https:\/\/www.lajangadamazonas.com\/spanish\/selva-y-comunidad-tikuna-san-pedro-de-los-lagos\/"]}]},{"@type":"ImageObject","inLanguage":"es-CO","@id":"https:\/\/www.lajangadamazonas.com\/spanish\/selva-y-comunidad-tikuna-san-pedro-de-los-lagos\/#primaryimage","url":"https:\/\/www.lajangadamazonas.com\/spanish\/wp-content\/uploads\/2024\/11\/lagos.png","contentUrl":"https:\/\/www.lajangadamazonas.com\/spanish\/wp-content\/uploads\/2024\/11\/lagos.png","width":341,"height":315},{"@type":"BreadcrumbList","@id":"https:\/\/www.lajangadamazonas.com\/spanish\/selva-y-comunidad-tikuna-san-pedro-de-los-lagos\/#breadcrumb","itemListElement":[{"@type":"ListItem","position":1,"name":"Inicio","item":"https:\/\/www.lajangadamazonas.com\/spanish\/"},{"@type":"ListItem","position":2,"name":"Selva y comunidad Tikuna &#8211; San Pedro de los Lagos"}]},{"@type":"WebSite","@id":"https:\/\/www.lajangadamazonas.com\/spanish\/#website","url":"https:\/\/www.lajangadamazonas.com\/spanish\/","name":"La Jangadamazonas","description":"Planes tur\u00edsticos en el Amazonas","potentialAction":[{"@type":"SearchAction","target":{"@type":"EntryPoint","urlTemplate":"https:\/\/www.lajangadamazonas.com\/spanish\/?s={search_term_string}"},"query-input":{"@type":"PropertyValueSpecification","valueRequired":true,"valueName":"search_term_string"}}],"inLanguage":"es-CO"}]}},"_links":{"self":[{"href":"https:\/\/www.lajangadamazonas.com\/spanish\/wp-json\/wp\/v2\/pages\/31","targetHints":{"allow":["GET"]}}],"collection":[{"href":"https:\/\/www.lajangadamazonas.com\/spanish\/wp-json\/wp\/v2\/pages"}],"about":[{"href":"https:\/\/www.lajangadamazonas.com\/spanish\/wp-json\/wp\/v2\/types\/page"}],"author":[{"embeddable":true,"href":"https:\/\/www.lajangadamazonas.com\/spanish\/wp-json\/wp\/v2\/users\/1"}],"replies":[{"embeddable":true,"href":"https:\/\/www.lajangadamazonas.com\/spanish\/wp-json\/wp\/v2\/comments?post=31"}],"version-history":[{"count":1,"href":"https:\/\/www.lajangadamazonas.com\/spanish\/wp-json\/wp\/v2\/pages\/31\/revisions"}],"predecessor-version":[{"id":591,"href":"https:\/\/www.lajangadamazonas.com\/spanish\/wp-json\/wp\/v2\/pages\/31\/revisions\/591"}],"wp:attachment":[{"href":"https:\/\/www.lajangadamazonas.com\/spanish\/wp-json\/wp\/v2\/media?parent=31"}],"curies":[{"name":"wp","href":"https:\/\/api.w.org\/{rel}","templated":true}]}}